{"id":1482,"date":"2023-08-30T00:53:18","date_gmt":"2023-08-29T22:53:18","guid":{"rendered":"https:\/\/www.adrns.org\/bbt\/?page_id=1482"},"modified":"2023-08-30T02:49:49","modified_gmt":"2023-08-30T00:49:49","slug":"dr-samuel-mathey","status":"publish","type":"page","link":"https:\/\/www.adrns.org\/bbt\/dr-samuel-mathey\/","title":{"rendered":"Dr Samuel Mathey"},"content":{"rendered":"\n<figure class=\"wp-block-image size-full\"><img loading=\"lazy\" decoding=\"async\" width=\"322\" height=\"355\" src=\"https:\/\/www.adrns.org\/bbt\/wp-content\/uploads\/2023\/08\/samo.png\" alt=\"\" class=\"wp-image-1479\" srcset=\"https:\/\/www.adrns.org\/bbt\/wp-content\/uploads\/2023\/08\/samo.png 322w, https:\/\/www.adrns.org\/bbt\/wp-content\/uploads\/2023\/08\/samo-272x300.png 272w\" sizes=\"auto, (max-width: 322px) 100vw, 322px\" \/><\/figure>\n\n\n\n<p>Samuel Mathey est un \u00e9conomiste Africain, avec une sp\u00e9cialisation dans les probl\u00e9matiques de la dette, du financement, du d\u00e9veloppement et de l\u2019entrepreneuriat. Samuel a \u00e9t\u00e9 identifi\u00e9 par plusieurs organisations, incluant la Directrice de TV 5 Monde Afrique, comme \u00ab une des 3 t\u00eates d\u2019affiche qui sont en train de transformer l\u2019Afrique et la jeunesse Africaine \u00bb.<br>Samuel enseigne en France (HEC Paris\u2026), aux Etats Unis et en Afrique ; il est \u00e9galement consultant international<br>et conseiller de plusieurs personnalit\u00e9s politiques et du monde des affaires. Il a \u00e9galement travaill\u00e9 avec de grands cabinets (notamment KPMG et PwC).<\/p>\n\n\n\n<p>Samuel a dirig\u00e9 plusieurs missions d\u2019\u00e9tudes sur le secteur priv\u00e9 dans plusieurs pays \u00e0 travers le monde. Il est le pr\u00e9sident fondateur de la Fondation pour l\u2019Entrepreneuriat en Afrique (FAFEDE) qui fait la promotion du concept de son dernier ouvrage sur l\u2019Entrepreneuriat \u00e0 Z\u00e9ro Franc (ou comment d\u00e9marrer son entreprise sans financement ext\u00e9rieur pr\u00e9alable). Au travers de sa fondation, Samuel a form\u00e9 entre 2014 et 2020, plus de 85 000 jeunes et femmes \u00e0 travers l\u2019Afrique avec un objectif de + 1 million initi\u00e9s \u00e0 la technique DZF d\u2019ici 2025 en partenariat avec les localit\u00e9s et les gouvernements Africains. Il est \u00e9galement le pr\u00e9sident fondateur d\u2019INITIATIVE 35-3 (www.initiative35-3.com), une initiative continentale qui appelle les 54 pays africains \u00e0 ZERO imp\u00f4ts sur les 3 premi\u00e8res ann\u00e9es de toute entreprise cr\u00e9\u00e9e par un jeune africain de &lt;35 ans. Il a initi\u00e9 les DELALI AWARDS qui r\u00e9compensent les meilleurs entrepreneurs Africains dans la diaspora, qui se d\u00e9roule \u00e0 New York et \u00e0 sa 4\u00e8me \u00e9dition (2024). Samuel a publi\u00e9 plusieurs articles et ouvrages. Son r\u00e9cent ouvrage, \u00ab Et si on repensait l\u2019Afrique \u00bb propose une nouvelle approche micro\u00e9conomique pour la transformation de l\u2019Afrique. Il a g\u00e9r\u00e9 plusieurs missions d\u2019envergure comme : l\u2019analyse et impact des r\u00e9formes \u00e9conomiques pays, l\u2019organisation de la conf\u00e9rence internationale sur l\u2019\u00e9mergence \u00e9conomique (plus de 500 experts mondiaux, des chefs d\u2019\u00e9tats\u2026 de + 65 pays), mission sur la strat\u00e9gie institutionnelle de la nouvelle politique industrielle de la C\u00f4te d\u2019Ivoire, r\u00e9daction et animation de l\u2019atelier sur le plan strat\u00e9gique des PME ivoiriennes. Les 4 r\u00e9centes initiatives de Samuel sont: l\u2019organisation de la 7\u00e8me \u00e9dition du congr\u00e8s panafricain des comptables avec + 1 500 participants de +65 pays, la 1\u00e8re \u00e9dition du colloque sur \u00a0\u00bb quel type de d\u00e9mocratie pour l&rsquo;Afrique\u00a0\u00bb qui est une plateforme de discussion sur les ajustements pour une d\u00e9mocratie de paix en Afrique, le \u00ab\u00a0Bengu\u00e9 Business Tour\u00a0\u00bb qui est une tourn\u00e9e en France pour initier les communaut\u00e9s Africaines de la diaspora \u00e0 l&rsquo;entrepreneuriat<\/p>\n\n\n\n<p><strong>En R\u00e9sum\u00e9 :<\/strong> <\/p>\n\n\n\n<p><strong>Dot\u00e9 d&rsquo;une expertise polyvalente et d&rsquo;une vision strat\u00e9gique, Dr Samuel Mathey est un leader<br>reconnu dans le domaine de l&rsquo;entrepreneuriat en Afrique.<br>Son d\u00e9vouement \u00e0 l&rsquo;autonomisation \u00e9conomique et \u00e0 l&rsquo;innovation lui a valu une reconnaissance internationale.<br>Il parle couramment le fran\u00e7ais, l&rsquo;anglais et l&rsquo;allemand.<\/strong><\/p>\n","protected":false},"excerpt":{"rendered":"<p>Samuel Mathey est un \u00e9conomiste Africain, avec une sp\u00e9cialisation dans les probl\u00e9matiques de la dette, du financement, du d\u00e9veloppement et de l\u2019entrepreneuriat. Samuel a \u00e9t\u00e9 identifi\u00e9 par plusieurs organisations, incluant &#8230;<\/p>\n","protected":false},"author":1,"featured_media":0,"parent":0,"menu_order":0,"comment_status":"closed","ping_status":"closed","template":"template-fullwidth.php","meta":{"footnotes":""},"class_list":["post-1482","page","type-page","status-publish","hentry"],"_links":{"self":[{"href":"https:\/\/www.adrns.org\/bbt\/wp-json\/wp\/v2\/pages\/1482","targetHints":{"allow":["GET"]}}],"collection":[{"href":"https:\/\/www.adrns.org\/bbt\/wp-json\/wp\/v2\/pages"}],"about":[{"href":"https:\/\/www.adrns.org\/bbt\/wp-json\/wp\/v2\/types\/page"}],"author":[{"embeddable":true,"href":"https:\/\/www.adrns.org\/bbt\/wp-json\/wp\/v2\/users\/1"}],"replies":[{"embeddable":true,"href":"https:\/\/www.adrns.org\/bbt\/wp-json\/wp\/v2\/comments?post=1482"}],"version-history":[{"count":2,"href":"https:\/\/www.adrns.org\/bbt\/wp-json\/wp\/v2\/pages\/1482\/revisions"}],"predecessor-version":[{"id":1521,"href":"https:\/\/www.adrns.org\/bbt\/wp-json\/wp\/v2\/pages\/1482\/revisions\/1521"}],"wp:attachment":[{"href":"https:\/\/www.adrns.org\/bbt\/wp-json\/wp\/v2\/media?parent=1482"}],"curies":[{"name":"wp","href":"https:\/\/api.w.org\/{rel}","templated":true}]}}